{"id":43,"date":"2021-05-26T16:45:57","date_gmt":"2021-05-26T16:45:57","guid":{"rendered":"http:\/\/www.autokulcsod.hu\/?page_id=43"},"modified":"2021-06-06T06:17:13","modified_gmt":"2021-06-06T06:17:13","slug":"kepek","status":"publish","type":"page","link":"https:\/\/www.autokulcsod.hu\/?page_id=43","title":{"rendered":"K\u00e9pek"},"content":{"rendered":"\n<figure class=\"wp-block-gallery columns-2 is-cropped wp-block-gallery-1 is-layout-flex wp-block-gallery-is-layout-flex\"><ul class=\"blocks-gallery-grid\"><li class=\"blocks-gallery-item\"><figure><img loading=\"lazy\" decoding=\"async\" width=\"768\" height=\"1024\" src=\"http:\/\/www.autokulcsod.hu\/wp-content\/uploads\/2021\/05\/viber_image_2021-05-30_15-32-12-masolata-768x1024.jpg\" alt=\"\" data-id=\"84\" data-full-url=\"http:\/\/www.autokulcsod.hu\/wp-content\/uploads\/2021\/05\/viber_image_2021-05-30_15-32-12-masolata.jpg\" data-link=\"http:\/\/www.autokulcsod.hu\/?attachment_id=84\" class=\"wp-image-84\" srcset=\"https:\/\/www.autokulcsod.hu\/wp-content\/uploads\/2021\/05\/viber_image_2021-05-30_15-32-12-masolata-768x1024.jpg 768w, https:\/\/www.autokulcsod.hu\/wp-content\/uploads\/2021\/05\/viber_image_2021-05-30_15-32-12-masolata-225x300.jpg 225w, https:\/\/www.autokulcsod.hu\/wp-content\/uploads\/2021\/05\/viber_image_2021-05-30_15-32-12-masolata-1152x1536.jpg 1152w, https:\/\/www.autokulcsod.hu\/wp-content\/uploads\/2021\/05\/viber_image_2021-05-30_15-32-12-masolata.jpg 1200w\" sizes=\"(max-width: 768px) 100vw, 768px\" \/><figcaption class=\"blocks-gallery-item__caption\">Mercedes Kulcs K\u00e9sz\u00edt\u00e9s<\/figcaption><\/figure><\/li><li class=\"blocks-gallery-item\"><figure><img loading=\"lazy\" decoding=\"async\" width=\"417\" height=\"205\" src=\"http:\/\/www.autokulcsod.hu\/wp-content\/uploads\/2021\/05\/185039454_223615425800109_8810414315059622245_n-1.jpg\" alt=\"\" data-id=\"48\" data-full-url=\"http:\/\/www.autokulcsod.hu\/wp-content\/uploads\/2021\/05\/185039454_223615425800109_8810414315059622245_n-1.jpg\" data-link=\"http:\/\/www.autokulcsod.hu\/?attachment_id=48\" class=\"wp-image-48\" srcset=\"https:\/\/www.autokulcsod.hu\/wp-content\/uploads\/2021\/05\/185039454_223615425800109_8810414315059622245_n-1.jpg 417w, https:\/\/www.autokulcsod.hu\/wp-content\/uploads\/2021\/05\/185039454_223615425800109_8810414315059622245_n-1-300x147.jpg 300w\" sizes=\"(max-width: 417px) 100vw, 417px\" \/><figcaption class=\"blocks-gallery-item__caption\">Mercedes Kulcs k\u00e9sz\u00edt\u00e9s ha minden kulcs elveszett<\/figcaption><\/figure><\/li><\/ul><\/figure>\n\n\n\n<figure class=\"wp-block-gallery columns-0 is-cropped wp-block-gallery-2 is-layout-flex wp-block-gallery-is-layout-flex\"><ul class=\"blocks-gallery-grid\"><\/ul><\/figure>\n\n\n\n<figure class=\"wp-block-gallery columns-3 is-cropped wp-block-gallery-3 is-layout-flex wp-block-gallery-is-layout-flex\"><ul class=\"blocks-gallery-grid\"><li class=\"blocks-gallery-item\"><figure><img loading=\"lazy\" decoding=\"async\" width=\"768\" height=\"1024\" src=\"http:\/\/www.autokulcsod.hu\/wp-content\/uploads\/2021\/05\/viber_image_2021-05-30_15-32-22-768x1024.jpg\" alt=\"\" data-id=\"91\" data-full-url=\"http:\/\/www.autokulcsod.hu\/wp-content\/uploads\/2021\/05\/viber_image_2021-05-30_15-32-22.jpg\" data-link=\"http:\/\/www.autokulcsod.hu\/?attachment_id=91\" class=\"wp-image-91\" srcset=\"https:\/\/www.autokulcsod.hu\/wp-content\/uploads\/2021\/05\/viber_image_2021-05-30_15-32-22-768x1024.jpg 768w, https:\/\/www.autokulcsod.hu\/wp-content\/uploads\/2021\/05\/viber_image_2021-05-30_15-32-22-225x300.jpg 225w, https:\/\/www.autokulcsod.hu\/wp-content\/uploads\/2021\/05\/viber_image_2021-05-30_15-32-22-1152x1536.jpg 1152w, https:\/\/www.autokulcsod.hu\/wp-content\/uploads\/2021\/05\/viber_image_2021-05-30_15-32-22.jpg 1200w\" sizes=\"(max-width: 768px) 100vw, 768px\" \/><figcaption class=\"blocks-gallery-item__caption\">Renault megane 2  , senic 2<\/figcaption><\/figure><\/li><li class=\"blocks-gallery-item\"><figure><img loading=\"lazy\" decoding=\"async\" width=\"768\" height=\"1024\" src=\"http:\/\/www.autokulcsod.hu\/wp-content\/uploads\/2021\/05\/viber_image_2021-05-30_15-32-19-masolata-768x1024.jpg\" alt=\"\" data-id=\"89\" data-full-url=\"http:\/\/www.autokulcsod.hu\/wp-content\/uploads\/2021\/05\/viber_image_2021-05-30_15-32-19-masolata.jpg\" data-link=\"http:\/\/www.autokulcsod.hu\/?attachment_id=89\" class=\"wp-image-89\" srcset=\"https:\/\/www.autokulcsod.hu\/wp-content\/uploads\/2021\/05\/viber_image_2021-05-30_15-32-19-masolata-768x1024.jpg 768w, https:\/\/www.autokulcsod.hu\/wp-content\/uploads\/2021\/05\/viber_image_2021-05-30_15-32-19-masolata-225x300.jpg 225w, https:\/\/www.autokulcsod.hu\/wp-content\/uploads\/2021\/05\/viber_image_2021-05-30_15-32-19-masolata-1152x1536.jpg 1152w, https:\/\/www.autokulcsod.hu\/wp-content\/uploads\/2021\/05\/viber_image_2021-05-30_15-32-19-masolata.jpg 1200w\" sizes=\"(max-width: 768px) 100vw, 768px\" \/><figcaption class=\"blocks-gallery-item__caption\">Renault laguna ,espace<\/figcaption><\/figure><\/li><li class=\"blocks-gallery-item\"><figure><img loading=\"lazy\" decoding=\"async\" width=\"768\" height=\"1024\" src=\"http:\/\/www.autokulcsod.hu\/wp-content\/uploads\/2021\/05\/viber_image_2021-05-30_15-32-20-masolata-768x1024.jpg\" alt=\"\" data-id=\"90\" data-full-url=\"http:\/\/www.autokulcsod.hu\/wp-content\/uploads\/2021\/05\/viber_image_2021-05-30_15-32-20-masolata.jpg\" data-link=\"http:\/\/www.autokulcsod.hu\/?attachment_id=90\" class=\"wp-image-90\" srcset=\"https:\/\/www.autokulcsod.hu\/wp-content\/uploads\/2021\/05\/viber_image_2021-05-30_15-32-20-masolata-768x1024.jpg 768w, https:\/\/www.autokulcsod.hu\/wp-content\/uploads\/2021\/05\/viber_image_2021-05-30_15-32-20-masolata-225x300.jpg 225w, https:\/\/www.autokulcsod.hu\/wp-content\/uploads\/2021\/05\/viber_image_2021-05-30_15-32-20-masolata-1152x1536.jpg 1152w, https:\/\/www.autokulcsod.hu\/wp-content\/uploads\/2021\/05\/viber_image_2021-05-30_15-32-20-masolata.jpg 1200w\" sizes=\"(max-width: 768px) 100vw, 768px\" \/><figcaption class=\"blocks-gallery-item__caption\">Renault megane , clio <\/figcaption><\/figure><\/li><li class=\"blocks-gallery-item\"><figure><img loading=\"lazy\" decoding=\"async\" width=\"1024\" height=\"768\" src=\"http:\/\/www.autokulcsod.hu\/wp-content\/uploads\/2021\/05\/viber_image_2021-05-30_15-32-11-masolata-1024x768.jpg\" alt=\"\" data-id=\"83\" data-full-url=\"http:\/\/www.autokulcsod.hu\/wp-content\/uploads\/2021\/05\/viber_image_2021-05-30_15-32-11-masolata.jpg\" data-link=\"http:\/\/www.autokulcsod.hu\/?attachment_id=83\" class=\"wp-image-83\" srcset=\"https:\/\/www.autokulcsod.hu\/wp-content\/uploads\/2021\/05\/viber_image_2021-05-30_15-32-11-masolata-1024x768.jpg 1024w, https:\/\/www.autokulcsod.hu\/wp-content\/uploads\/2021\/05\/viber_image_2021-05-30_15-32-11-masolata-300x225.jpg 300w, https:\/\/www.autokulcsod.hu\/wp-content\/uploads\/2021\/05\/viber_image_2021-05-30_15-32-11-masolata-768x576.jpg 768w, https:\/\/www.autokulcsod.hu\/wp-content\/uploads\/2021\/05\/viber_image_2021-05-30_15-32-11-masolata-1536x1152.jpg 1536w, https:\/\/www.autokulcsod.hu\/wp-content\/uploads\/2021\/05\/viber_image_2021-05-30_15-32-11-masolata-1200x900.jpg 1200w, https:\/\/www.autokulcsod.hu\/wp-content\/uploads\/2021\/05\/viber_image_2021-05-30_15-32-11-masolata.jpg 1600w\" sizes=\"(max-width: 1024px) 100vw, 1024px\" \/><figcaption class=\"blocks-gallery-item__caption\">Renault K\u00e1rtya jav\u00edt\u00e1s<\/figcaption><\/figure><\/li><li class=\"blocks-gallery-item\"><figure><img loading=\"lazy\" decoding=\"async\" width=\"768\" height=\"1024\" src=\"http:\/\/www.autokulcsod.hu\/wp-content\/uploads\/2021\/05\/viber_image_2021-05-30_15-32-09-masolata-768x1024.jpg\" alt=\"\" data-id=\"82\" data-full-url=\"http:\/\/www.autokulcsod.hu\/wp-content\/uploads\/2021\/05\/viber_image_2021-05-30_15-32-09-masolata.jpg\" data-link=\"http:\/\/www.autokulcsod.hu\/?attachment_id=82\" class=\"wp-image-82\" srcset=\"https:\/\/www.autokulcsod.hu\/wp-content\/uploads\/2021\/05\/viber_image_2021-05-30_15-32-09-masolata-768x1024.jpg 768w, https:\/\/www.autokulcsod.hu\/wp-content\/uploads\/2021\/05\/viber_image_2021-05-30_15-32-09-masolata-225x300.jpg 225w, https:\/\/www.autokulcsod.hu\/wp-content\/uploads\/2021\/05\/viber_image_2021-05-30_15-32-09-masolata-1152x1536.jpg 1152w, https:\/\/www.autokulcsod.hu\/wp-content\/uploads\/2021\/05\/viber_image_2021-05-30_15-32-09-masolata.jpg 1200w\" sizes=\"(max-width: 768px) 100vw, 768px\" \/><figcaption class=\"blocks-gallery-item__caption\">Renault K\u00e1rtya jav\u00edt\u00e1s<\/figcaption><\/figure><\/li><li class=\"blocks-gallery-item\"><figure><img loading=\"lazy\" decoding=\"async\" width=\"768\" height=\"1024\" src=\"http:\/\/www.autokulcsod.hu\/wp-content\/uploads\/2021\/05\/viber_kep_2021-05-31_07-58-279-768x1024.jpg\" alt=\"\" data-id=\"97\" data-full-url=\"http:\/\/www.autokulcsod.hu\/wp-content\/uploads\/2021\/05\/viber_kep_2021-05-31_07-58-279.jpg\" data-link=\"http:\/\/www.autokulcsod.hu\/?attachment_id=97\" class=\"wp-image-97\" srcset=\"https:\/\/www.autokulcsod.hu\/wp-content\/uploads\/2021\/05\/viber_kep_2021-05-31_07-58-279-768x1024.jpg 768w, https:\/\/www.autokulcsod.hu\/wp-content\/uploads\/2021\/05\/viber_kep_2021-05-31_07-58-279-225x300.jpg 225w, https:\/\/www.autokulcsod.hu\/wp-content\/uploads\/2021\/05\/viber_kep_2021-05-31_07-58-279-1152x1536.jpg 1152w, https:\/\/www.autokulcsod.hu\/wp-content\/uploads\/2021\/05\/viber_kep_2021-05-31_07-58-279.jpg 1200w\" sizes=\"(max-width: 768px) 100vw, 768px\" \/><figcaption class=\"blocks-gallery-item__caption\">Renault trafic, kang\u00f3<\/figcaption><\/figure><\/li><li class=\"blocks-gallery-item\"><figure><img loading=\"lazy\" decoding=\"async\" width=\"1024\" height=\"768\" src=\"http:\/\/www.autokulcsod.hu\/wp-content\/uploads\/2021\/05\/viber_kep_2021-05-31_07-58-278-1024x768.jpg\" alt=\"\" data-id=\"96\" data-full-url=\"http:\/\/www.autokulcsod.hu\/wp-content\/uploads\/2021\/05\/viber_kep_2021-05-31_07-58-278.jpg\" data-link=\"http:\/\/www.autokulcsod.hu\/?attachment_id=96\" class=\"wp-image-96\" srcset=\"https:\/\/www.autokulcsod.hu\/wp-content\/uploads\/2021\/05\/viber_kep_2021-05-31_07-58-278-1024x768.jpg 1024w, https:\/\/www.autokulcsod.hu\/wp-content\/uploads\/2021\/05\/viber_kep_2021-05-31_07-58-278-300x225.jpg 300w, https:\/\/www.autokulcsod.hu\/wp-content\/uploads\/2021\/05\/viber_kep_2021-05-31_07-58-278-768x576.jpg 768w, https:\/\/www.autokulcsod.hu\/wp-content\/uploads\/2021\/05\/viber_kep_2021-05-31_07-58-278-1536x1152.jpg 1536w, https:\/\/www.autokulcsod.hu\/wp-content\/uploads\/2021\/05\/viber_kep_2021-05-31_07-58-278-1200x900.jpg 1200w, https:\/\/www.autokulcsod.hu\/wp-content\/uploads\/2021\/05\/viber_kep_2021-05-31_07-58-278.jpg 1600w\" sizes=\"(max-width: 1024px) 100vw, 1024px\" \/><figcaption class=\"blocks-gallery-item__caption\">Plasztik kulcs mar\u00e1sa<\/figcaption><\/figure><\/li><\/ul><\/figure>\n\n\n\n<figure class=\"wp-block-gallery columns-3 is-cropped wp-block-gallery-4 is-layout-flex wp-block-gallery-is-layout-flex\"><ul class=\"blocks-gallery-grid\"><li class=\"blocks-gallery-item\"><figure><img loading=\"lazy\" decoding=\"async\" width=\"768\" height=\"1024\" src=\"http:\/\/www.autokulcsod.hu\/wp-content\/uploads\/2021\/05\/viber_image_2021-05-30_15-32-08-masolata-768x1024.jpg\" alt=\"\" data-id=\"81\" data-full-url=\"http:\/\/www.autokulcsod.hu\/wp-content\/uploads\/2021\/05\/viber_image_2021-05-30_15-32-08-masolata.jpg\" data-link=\"http:\/\/www.autokulcsod.hu\/?attachment_id=81\" class=\"wp-image-81\" srcset=\"https:\/\/www.autokulcsod.hu\/wp-content\/uploads\/2021\/05\/viber_image_2021-05-30_15-32-08-masolata-768x1024.jpg 768w, https:\/\/www.autokulcsod.hu\/wp-content\/uploads\/2021\/05\/viber_image_2021-05-30_15-32-08-masolata-225x300.jpg 225w, https:\/\/www.autokulcsod.hu\/wp-content\/uploads\/2021\/05\/viber_image_2021-05-30_15-32-08-masolata-1152x1536.jpg 1152w, https:\/\/www.autokulcsod.hu\/wp-content\/uploads\/2021\/05\/viber_image_2021-05-30_15-32-08-masolata.jpg 1200w\" sizes=\"(max-width: 768px) 100vw, 768px\" \/><figcaption class=\"blocks-gallery-item__caption\">Opel meriva, zafira<\/figcaption><\/figure><\/li><li class=\"blocks-gallery-item\"><figure><img loading=\"lazy\" decoding=\"async\" width=\"155\" height=\"206\" src=\"http:\/\/www.autokulcsod.hu\/wp-content\/uploads\/2021\/05\/182448094_516657515998934_3573043861523757484_n.jpg\" alt=\"\" data-id=\"38\" data-full-url=\"http:\/\/www.autokulcsod.hu\/wp-content\/uploads\/2021\/05\/182448094_516657515998934_3573043861523757484_n.jpg\" data-link=\"http:\/\/www.autokulcsod.hu\/?attachment_id=38\" class=\"wp-image-38\"\/><figcaption class=\"blocks-gallery-item__caption\">Opel astra, mokka<\/figcaption><\/figure><\/li><li class=\"blocks-gallery-item\"><figure><img loading=\"lazy\" decoding=\"async\" width=\"768\" height=\"1024\" src=\"http:\/\/www.autokulcsod.hu\/wp-content\/uploads\/2021\/05\/viber_image_2021-05-30_15-32-17-768x1024.jpg\" alt=\"\" data-id=\"88\" data-full-url=\"http:\/\/www.autokulcsod.hu\/wp-content\/uploads\/2021\/05\/viber_image_2021-05-30_15-32-17.jpg\" data-link=\"http:\/\/www.autokulcsod.hu\/?attachment_id=88\" class=\"wp-image-88\" srcset=\"https:\/\/www.autokulcsod.hu\/wp-content\/uploads\/2021\/05\/viber_image_2021-05-30_15-32-17-768x1024.jpg 768w, https:\/\/www.autokulcsod.hu\/wp-content\/uploads\/2021\/05\/viber_image_2021-05-30_15-32-17-225x300.jpg 225w, https:\/\/www.autokulcsod.hu\/wp-content\/uploads\/2021\/05\/viber_image_2021-05-30_15-32-17-1152x1536.jpg 1152w, https:\/\/www.autokulcsod.hu\/wp-content\/uploads\/2021\/05\/viber_image_2021-05-30_15-32-17.jpg 1200w\" sizes=\"(max-width: 768px) 100vw, 768px\" \/><figcaption class=\"blocks-gallery-item__caption\">Opel corsa ,astra <\/figcaption><\/figure><\/li><\/ul><\/figure>\n\n\n\n<figure class=\"wp-block-gallery columns-2 is-cropped wp-block-gallery-5 is-layout-flex wp-block-gallery-is-layout-flex\"><ul class=\"blocks-gallery-grid\"><li class=\"blocks-gallery-item\"><figure><img loading=\"lazy\" decoding=\"async\" width=\"768\" height=\"1024\" src=\"http:\/\/www.autokulcsod.hu\/wp-content\/uploads\/2021\/05\/viber_image_2021-05-30_15-32-23-768x1024.jpg\" alt=\"\" data-id=\"92\" data-full-url=\"http:\/\/www.autokulcsod.hu\/wp-content\/uploads\/2021\/05\/viber_image_2021-05-30_15-32-23.jpg\" data-link=\"http:\/\/www.autokulcsod.hu\/?attachment_id=92\" class=\"wp-image-92\" srcset=\"https:\/\/www.autokulcsod.hu\/wp-content\/uploads\/2021\/05\/viber_image_2021-05-30_15-32-23-768x1024.jpg 768w, https:\/\/www.autokulcsod.hu\/wp-content\/uploads\/2021\/05\/viber_image_2021-05-30_15-32-23-225x300.jpg 225w, https:\/\/www.autokulcsod.hu\/wp-content\/uploads\/2021\/05\/viber_image_2021-05-30_15-32-23-1152x1536.jpg 1152w, https:\/\/www.autokulcsod.hu\/wp-content\/uploads\/2021\/05\/viber_image_2021-05-30_15-32-23.jpg 1200w\" sizes=\"(max-width: 768px) 100vw, 768px\" \/><figcaption class=\"blocks-gallery-item__caption\">Volkswagen polo,golf 4,5,6,7, amarok , passat B5-5,5<\/figcaption><\/figure><\/li><li class=\"blocks-gallery-item\"><figure><img loading=\"lazy\" decoding=\"async\" width=\"768\" height=\"1024\" src=\"http:\/\/www.autokulcsod.hu\/wp-content\/uploads\/2021\/05\/viber_image_2021-05-30_15-32-07-768x1024.jpg\" alt=\"\" data-id=\"80\" data-full-url=\"http:\/\/www.autokulcsod.hu\/wp-content\/uploads\/2021\/05\/viber_image_2021-05-30_15-32-07.jpg\" data-link=\"http:\/\/www.autokulcsod.hu\/?attachment_id=80\" class=\"wp-image-80\" srcset=\"https:\/\/www.autokulcsod.hu\/wp-content\/uploads\/2021\/05\/viber_image_2021-05-30_15-32-07-768x1024.jpg 768w, https:\/\/www.autokulcsod.hu\/wp-content\/uploads\/2021\/05\/viber_image_2021-05-30_15-32-07-225x300.jpg 225w, https:\/\/www.autokulcsod.hu\/wp-content\/uploads\/2021\/05\/viber_image_2021-05-30_15-32-07-1152x1536.jpg 1152w, https:\/\/www.autokulcsod.hu\/wp-content\/uploads\/2021\/05\/viber_image_2021-05-30_15-32-07.jpg 1200w\" sizes=\"(max-width: 768px) 100vw, 768px\" \/><figcaption class=\"blocks-gallery-item__caption\">Passat B5.5 kulcs<\/figcaption><\/figure><\/li><\/ul><\/figure>\n\n\n\n<figure class=\"wp-block-gallery columns-0 is-cropped wp-block-gallery-6 is-layout-flex wp-block-gallery-is-layout-flex\"><ul class=\"blocks-gallery-grid\"><\/ul><\/figure>\n\n\n\n<figure class=\"wp-block-gallery columns-1 is-cropped wp-block-gallery-7 is-layout-flex wp-block-gallery-is-layout-flex\"><ul class=\"blocks-gallery-grid\"><li class=\"blocks-gallery-item\"><figure><img loading=\"lazy\" decoding=\"async\" width=\"728\" height=\"1024\" src=\"http:\/\/www.autokulcsod.hu\/wp-content\/uploads\/2021\/06\/viber_kep_2021-06-05_16-03-13-728x1024.jpg\" alt=\"\" data-id=\"153\" data-full-url=\"http:\/\/www.autokulcsod.hu\/wp-content\/uploads\/2021\/06\/viber_kep_2021-06-05_16-03-13.jpg\" data-link=\"http:\/\/www.autokulcsod.hu\/?attachment_id=153\" class=\"wp-image-153\" srcset=\"https:\/\/www.autokulcsod.hu\/wp-content\/uploads\/2021\/06\/viber_kep_2021-06-05_16-03-13-728x1024.jpg 728w, https:\/\/www.autokulcsod.hu\/wp-content\/uploads\/2021\/06\/viber_kep_2021-06-05_16-03-13-213x300.jpg 213w, https:\/\/www.autokulcsod.hu\/wp-content\/uploads\/2021\/06\/viber_kep_2021-06-05_16-03-13-768x1080.jpg 768w, https:\/\/www.autokulcsod.hu\/wp-content\/uploads\/2021\/06\/viber_kep_2021-06-05_16-03-13.jpg 1013w\" sizes=\"(max-width: 728px) 100vw, 728px\" \/><\/figure><\/li><\/ul><\/figure>\n","protected":false},"excerpt":{"rendered":"","protected":false},"author":1,"featured_media":0,"parent":0,"menu_order":0,"comment_status":"closed","ping_status":"closed","template":"","meta":{"footnotes":""},"class_list":["post-43","page","type-page","status-publish","hentry"],"_links":{"self":[{"href":"https:\/\/www.autokulcsod.hu\/index.php?rest_route=\/wp\/v2\/pages\/43"}],"collection":[{"href":"https:\/\/www.autokulcsod.hu\/index.php?rest_route=\/wp\/v2\/pages"}],"about":[{"href":"https:\/\/www.autokulcsod.hu\/index.php?rest_route=\/wp\/v2\/types\/page"}],"author":[{"embeddable":true,"href":"https:\/\/www.autokulcsod.hu\/index.php?rest_route=\/wp\/v2\/users\/1"}],"replies":[{"embeddable":true,"href":"https:\/\/www.autokulcsod.hu\/index.php?rest_route=%2Fwp%2Fv2%2Fcomments&post=43"}],"version-history":[{"count":8,"href":"https:\/\/www.autokulcsod.hu\/index.php?rest_route=\/wp\/v2\/pages\/43\/revisions"}],"predecessor-version":[{"id":161,"href":"https:\/\/www.autokulcsod.hu\/index.php?rest_route=\/wp\/v2\/pages\/43\/revisions\/161"}],"wp:attachment":[{"href":"https:\/\/www.autokulcsod.hu\/index.php?rest_route=%2Fwp%2Fv2%2Fmedia&parent=43"}],"curies":[{"name":"wp","href":"https:\/\/api.w.org\/{rel}","templated":true}]}}